{"id":396,"date":"2016-04-13T15:24:11","date_gmt":"2016-04-13T15:24:11","guid":{"rendered":"http:\/\/proscnat.tanuljkertesz.hu\/?page_id=396"},"modified":"2024-03-19T10:32:35","modified_gmt":"2024-03-19T10:32:35","slug":"alapszabaly","status":"publish","type":"page","link":"https:\/\/proscnat.org\/proscnat\/rolunk\/alapszabaly\/","title":{"rendered":"Alapszab\u00e1ly"},"content":{"rendered":"\t\t<div data-elementor-type=\"wp-page\" data-elementor-id=\"396\" class=\"elementor elementor-396\" data-elementor-post-type=\"page\">\n\t\t\t\t\t\t\t\t\t<section class=\"elementor-section elementor-top-section elementor-element elementor-element-10b652ef elementor-section-height-min-height elementor-section-boxed elementor-section-height-default elementor-section-items-middle\" data-id=\"10b652ef\" data-element_type=\"section\" data-settings=\"{&quot;background_background&quot;:&quot;classic&quot;}\">\n\t\t\t\t\t\t\t<div class=\"elementor-background-overlay\"><\/div>\n\t\t\t\t\t\t\t<div class=\"elementor-container elementor-column-gap-default\">\n\t\t\t\t\t<div class=\"elementor-column elementor-col-100 elementor-top-column elementor-element elementor-element-459e4593\" data-id=\"459e4593\" data-element_type=\"column\">\n\t\t\t<div class=\"elementor-widget-wrap elementor-element-populated\">\n\t\t\t\t\t\t\t\t<div class=\"elementor-element elementor-element-76f170b5 elementor-invisible elementor-widget elementor-widget-heading\" data-id=\"76f170b5\" data-element_type=\"widget\" data-settings=\"{&quot;_animation&quot;:&quot;fadeIn&quot;}\" data-widget_type=\"heading.default\">\n\t\t\t\t<div class=\"elementor-widget-container\">\n\t\t\t<style>\/*! elementor - v3.17.0 - 25-10-2023 *\/\n.elementor-heading-title{padding:0;margin:0;line-height:1}.elementor-widget-heading .elementor-heading-title[class*=elementor-size-]>a{color:inherit;font-size:inherit;line-height:inherit}.elementor-widget-heading .elementor-heading-title.elementor-size-small{font-size:15px}.elementor-widget-heading .elementor-heading-title.elementor-size-medium{font-size:19px}.elementor-widget-heading .elementor-heading-title.elementor-size-large{font-size:29px}.elementor-widget-heading .elementor-heading-title.elementor-size-xl{font-size:39px}.elementor-widget-heading .elementor-heading-title.elementor-size-xxl{font-size:59px}<\/style><h2 class=\"elementor-heading-title elementor-size-default\">Alapszab\u00e1ly<\/h2>\t\t<\/div>\n\t\t\t\t<\/div>\n\t\t\t\t<div class=\"elementor-element elementor-element-7e03bea8 elementor-icon-list--layout-inline elementor-align-center elementor-list-item-link-full_width elementor-invisible elementor-widget elementor-widget-icon-list\" data-id=\"7e03bea8\" data-element_type=\"widget\" data-settings=\"{&quot;_animation&quot;:&quot;fadeIn&quot;,&quot;_animation_delay&quot;:200}\" data-widget_type=\"icon-list.default\">\n\t\t\t\t<div class=\"elementor-widget-container\">\n\t\t\t<link rel=\"stylesheet\" href=\"https:\/\/proscnat.org\/proscnat\/wp-content\/plugins\/elementor\/assets\/css\/widget-icon-list.min.css\">\t\t<ul class=\"elementor-icon-list-items elementor-inline-items\">\n\t\t\t\t\t\t\t<li class=\"elementor-icon-list-item elementor-inline-item\">\n\t\t\t\t\t\t\t\t\t\t\t<a href=\"#\">\n\n\t\t\t\t\t\t\t\t\t\t\t<span class=\"elementor-icon-list-text\">R\u00f3lunk<\/span>\n\t\t\t\t\t\t\t\t\t\t\t<\/a>\n\t\t\t\t\t\t\t\t\t<\/li>\n\t\t\t\t\t\t\t\t<li class=\"elementor-icon-list-item elementor-inline-item\">\n\t\t\t\t\t\t\t\t\t\t\t<a href=\"#\">\n\n\t\t\t\t\t\t\t\t\t\t\t\t<span class=\"elementor-icon-list-icon\">\n\t\t\t\t\t\t\t<i aria-hidden=\"true\" class=\"icon icon-right-arrow1\"><\/i>\t\t\t\t\t\t<\/span>\n\t\t\t\t\t\t\t\t\t\t<span class=\"elementor-icon-list-text\">Alapszab\u00e1ly<\/span>\n\t\t\t\t\t\t\t\t\t\t\t<\/a>\n\t\t\t\t\t\t\t\t\t<\/li>\n\t\t\t\t\t\t<\/ul>\n\t\t\t\t<\/div>\n\t\t\t\t<\/div>\n\t\t\t\t\t<\/div>\n\t\t<\/div>\n\t\t\t\t\t\t\t<\/div>\n\t\t<\/section>\n\t\t<div class=\"elementor-element elementor-element-41f53fec e-flex e-con-boxed e-con e-parent\" data-id=\"41f53fec\" data-element_type=\"container\" data-settings=\"{&quot;content_width&quot;:&quot;boxed&quot;}\" data-core-v316-plus=\"true\">\n\t\t\t\t\t<div class=\"e-con-inner\">\n\t\t\t\t<div class=\"elementor-element elementor-element-2cfcbaf8 elementor-widget elementor-widget-text-editor\" data-id=\"2cfcbaf8\" data-element_type=\"widget\" data-widget_type=\"text-editor.default\">\n\t\t\t\t<div class=\"elementor-widget-container\">\n\t\t\t<style>\/*! elementor - v3.17.0 - 25-10-2023 *\/\n.elementor-widget-text-editor.elementor-drop-cap-view-stacked .elementor-drop-cap{background-color:#69727d;color:#fff}.elementor-widget-text-editor.elementor-drop-cap-view-framed .elementor-drop-cap{color:#69727d;border:3px solid;background-color:transparent}.elementor-widget-text-editor:not(.elementor-drop-cap-view-default) .elementor-drop-cap{margin-top:8px}.elementor-widget-text-editor:not(.elementor-drop-cap-view-default) .elementor-drop-cap-letter{width:1em;height:1em}.elementor-widget-text-editor .elementor-drop-cap{float:left;text-align:center;line-height:1;font-size:50px}.elementor-widget-text-editor .elementor-drop-cap-letter{display:inline-block}<\/style>\t\t\t\t<p>Az adom\u00e1nyalapokr\u00f3l \u00e9s alap\u00edtv\u00e1nyokr\u00f3l sz\u00f3l\u00f3 t\u00f6rv\u00e9ny (Az SZK Hivatalos K\u00f6zl\u00f6nye, 88\/2010. \u00e9s<br \/>99\/2011. \u2013 m\u00e1sik t\u00f6rv\u00e9ny) 33. szakasz\u00e1nak 4. bekezd\u00e9se alapj\u00e1n a zentai Pro Scientia Naturae Alap\u00edtv\u00e1ny<br \/>Kurat\u00f3riuma a 2023. j\u00falius 4-\u00e9n, Zent\u00e1n megtartott \u00fcl\u00e9s\u00e9n egys\u00e9ges szerkezetbe foglalva meghozza a<\/p><h2>PRO SCIENTIA NATURAE ALAP\u00cdTV\u00c1NY, ZENTA<\/h2><h2>ALAPSZAB\u00c1LY\u00c1T<\/h2><h4>1. \u00c1LTAL\u00c1NOS RENDELKEZ\u00c9SEK<\/h4><p>Jogalanyis\u00e1g<br \/>1. szakasz<\/p><p>A Pro Scientia Naturae Alap\u00edtv\u00e1ny, Zenta (a tov\u00e1bbiakban: Alap\u00edtv\u00e1ny) \u00f6n\u00e1ll\u00f3, nem j\u00f6vedelmez\u0151, nem<br \/>korm\u00e1nyzati \u00e9s a politikai p\u00e1rtokt\u00f3l f\u00fcggetlen, meghat\u00e1rozatlan id\u0151re alap\u00edtott szervezet, melynek c\u00e9lja<br \/>a k\u00f6rnyezettudatos gazd\u00e1lkod\u00e1s oktat\u00e1s\u00e1nak fejleszt\u00e9s\u00e9re ir\u00e1nyul\u00f3 gazdas\u00e1gi, tudom\u00e1nyos, oktat\u00e1si,<br \/>kultur\u00e1lis \u00e9s politikai egy\u00fcttm\u0171k\u00f6d\u00e9s megteremt\u00e9se \u00e9s az \u00e1ltal\u00e1nosan elfogadott projektek \u00e9s programok<br \/>v\u00e9grehajt\u00e1s\u00e1hoz sz\u00fcks\u00e9ges felt\u00e9telek biztos\u00edt\u00e1sa.<br \/>Az Alap\u00edtv\u00e1ny jogi szem\u00e9ly \u00e9s a jogforgalomban v\u00e1llalt k\u00f6telezetts\u00e9gei\u00e9rt teljes vagyon\u00e1val felel.<\/p><p>Elnevez\u00e9s<br \/>2. szakasz<\/p><p>Az Alap\u00edtv\u00e1ny elnevez\u00e9se szerb nyelven: \u0424\u043e\u043d\u0434\u0430\u0446\u0438\u0458\u0430 &#8220;Pro Scientia Naturae&#8221;, \u0421\u0435\u043d\u0442\u0430.<br \/>Az Alap\u00edtv\u00e1ny elnevez\u00e9se magyar nyelven \u2013 a nemzeti kisebbs\u00e9g nyelv\u00e9n: Pro Scientia Naturae<br \/>Alap\u00edtv\u00e1ny, Zenta.<br \/>Az Alap\u00edtv\u00e1ny elnevez\u00e9se angol nyelven: Foundation &#8220;Pro Scientia Naturae&#8221;, Senta.<\/p><p>Az Alap\u00edtv\u00e1ny sz\u00e9khelye<br \/>3. szakasz<\/p><p>Az Alap\u00edtv\u00e1ny sz\u00e9khelye, ahhonan az Alap\u00edtv\u00e1ny tev\u00e9kenys\u00e9g\u00e9t ir\u00e1ny\u00edtja a t\u00f6rv\u00e9nnyel \u00f6sszhangban, a<br \/>Zenta, \u0150sz utca 18. sz\u00e1m alatt tal\u00e1lhat\u00f3.<\/p><p>Az Alap\u00edtv\u00e1ny pecs\u00e9tje<br \/>4. szakasz<br \/>Az Alap\u00edtv\u00e1ny pecs\u00e9tje k\u00f6r alak\u00fa, 38 mm \u00e1tm\u00e9r\u0151j\u0171.<br \/>Az Alap\u00edtv\u00e1ny pecs\u00e9tj\u00e9nek sz\u00f6vege a pecs\u00e9t sz\u00e9l\u00e9n, koncentrikus k\u00f6rben szerb nyelven \u00e9s cirill<br \/>\u00edr\u00e1sm\u00f3ddal: \u0424\u043e\u043d\u0434\u0430\u0446\u0438\u0458\u0430, magyar nyelven \u00e9s magyar latin \u00edr\u00e1sm\u00f3ddal: Alap\u00edtv\u00e1ny, \u00e9s angol nyelven,<br \/>valamint angol latin \u00edr\u00e1sm\u00f3ddal: Foundation, pontokkal a k\u00f6zep\u00e9n \u00e9s minden egyes sz\u00f3 k\u00f6z\u00f6tt.<\/p><p>A pecs\u00e9t k\u00f6z\u00e9ps\u0151 r\u00e9sz\u00e9n ezen feliraton bel\u00fcl, egym\u00e1s alatt a k\u00f6vetkez\u0151 nagy nyomtatott latin bet\u0171k<br \/>\u00e1llnak: PRO SCIENTIA NATURAE, az utols\u00f3 sz\u00f3 alatt pedig szerb nyelven, cirill \u00edr\u00e1sm\u00f3ddal: \u0421\u0435\u043d\u0442\u0430,<br \/>illetve magyar nyelven \u00e9s magyar latin \u00edr\u00e1sm\u00f3ddal: Zenta szerepel.<\/p><p>A Kurat\u00f3rium k\u00fcl\u00f6n hat\u00e1rozatban rendelkezik az Alap\u00edtv\u00e1ny pecs\u00e9tj\u00e9nek haszn\u00e1lat\u00e1r\u00f3l.<\/p><p>Az Alap\u00edv\u00e1ny b\u00e9lyegz\u0151je<br \/>5. szakasz<\/p><p>Az Alap\u00edtv\u00e1ny b\u00e9lyegz\u0151je a k\u00f6vetkez\u0151:<\/p><p>A Kurat\u00f3rium k\u00fcl\u00f6n hat\u00e1rozatban rendelkezik az Alap\u00edtv\u00e1ny b\u00e9lyegz\u0151j\u00e9nek haszn\u00e1lat\u00e1r\u00f3l.<\/p><p>Az Alap\u00edtv\u00e1ny c\u00e9ljai<br \/>6. szakasz<\/p><p>Az Alap\u00edtv\u00e1ny c\u00e9ljai:<br \/>(1) a term\u00e9szettudom\u00e1ny k\u00fcl\u00f6nb\u00f6z\u0151 \u00e1gainak kutat\u00e1sa, n\u00e9pszer\u0171s\u00edt\u00e9se \u00e9s fejleszt\u00e9se, k\u00fcl\u00f6n\u00f6s tekintettel<br \/>a mez\u0151gazdas\u00e1gra \u00e9s k\u00f6rnyezetv\u00e9delemre,<br \/>(2) a k\u00fcl\u00f6nb\u00f6z\u0151 szint\u0171, t\u00edpus\u00fa \u00e9s tartalm\u00fa k\u00e9pz\u00e9si programok lebonyol\u00edt\u00e1sa,<br \/>(3) az eur\u00f3pai orsz\u00e1gok tudom\u00e1nyos int\u00e9zm\u00e9nyei \u00e9s egyetemi karai, valamint m\u00e1s fels\u0151oktat\u00e1si<br \/>int\u00e9zm\u00e9nyei k\u00f6z\u00f6tti k\u00f6zvetlen egy\u00fcttm\u0171k\u00f6d\u00e9s, p\u00e1rbesz\u00e9d \u00e9s kapcsolat l\u00e9trehoz\u00e1sa,<br \/>(4) a di\u00e1kok \u00e9s hallgat\u00f3k \u00f6sszek\u00f6t\u00e9se, egy\u00fcttm\u0171k\u00f6d\u00e9se tematikus ny\u00e1ri \u00e9s t\u00e9li akad\u00e9mi\u00e1k,<br \/>tan\u00e1cskoz\u00e1sok, kerekasztalok szervez\u00e9s\u00e9n kereszt\u00fcl,<br \/>(5) a k\u00f6rnyezet, a turizmus \u00e9s a gazdas\u00e1g, valamint a fiatalok oktat\u00e1s \u00e9s kult\u00fara ter\u00e9n t\u00f6rt\u00e9n\u0151 kultur\u00e1lis<br \/>egy\u00fcttm\u0171k\u00f6d\u00e9s\u00e9nek el\u0151mozd\u00edt\u00e1sa,<br \/>(6) a vil\u00e1g k\u00fcl\u00f6nb\u00f6z\u0151 orsz\u00e1gainak tudom\u00e1nyos int\u00e9zm\u00e9nyei k\u00f6z\u00f6tti tudom\u00e1nyos, oktat\u00e1si, gazdas\u00e1gi \u00e9s<br \/>kultur\u00e1lis egy\u00fcttm\u0171k\u00f6d\u00e9s megval\u00f3s\u00edt\u00e1sa,<br \/>(7) a l\u00e9tez\u0151 egy\u00fcttm\u0171k\u00f6d\u00e9si form\u00e1k fejl\u0151d\u00e9se, fejleszt\u00e9se,<br \/>(8) az inform\u00e1ci\u00f3- \u00e9s tapasztalatcsere el\u0151mozd\u00edt\u00e1sa a term\u00e9szettudom\u00e1ny, oktat\u00e1s, k\u00f6zgazdas\u00e1g \u00e9s<br \/>kult\u00fara ter\u00e9n,<br \/>(9) az oktat\u00e1si \u00e9s tudom\u00e1nyos int\u00e9zm\u00e9nyek, a gazdas\u00e1gi alanyok \u00e9s kamar\u00e1k k\u00e9pvisel\u0151i k\u00f6z\u00f6tti<br \/>szorosabb egy\u00fcttm\u0171k\u00f6d\u00e9s kialak\u00edt\u00e1sa, valamint ezek k\u00f6z\u00f6s fell\u00e9p\u00e9se a p\u00e1ly\u00e1zatokon val\u00f3<br \/>r\u00e9szv\u00e9telhez n\u00e9lk\u00fcl\u00f6zhetetlen eszk\u00f6z\u00f6k megteremt\u00e9s\u00e9ben,<br \/>(10) a Szerb K\u00f6zt\u00e1rsas\u00e1g \u00e9s a Vajdas\u00e1g AT tudom\u00e1nyos, k\u00f6rnyezetv\u00e9delmi, mez\u0151gazdas\u00e1gi,<br \/>kultur\u00e1lis \u00e9s m\u00e1s t\u00e1rsadalmi \u00e9rt\u00e9keinek bemutat\u00e1sa az eur\u00f3pai orsz\u00e1goknak \u00e9s n\u00e9peknek, illetve a<br \/>vil\u00e1gnak,<br \/>(11) a Szerb K\u00f6zt\u00e1rsas\u00e1g \u00e9s a Vajdas\u00e1g AT bekapcsol\u00e1sa az \u00e9let, a munka \u00e9s a termel\u00e9s eur\u00f3pai<br \/>folyamataiba,<br \/>(12) a Szerb K\u00f6zt\u00e1rsas\u00e1g \u00e9s m\u00e1s r\u00e9gi\u00f3beli \u00e1llamok eur\u00f3pai integr\u00e1ci\u00f3j\u00e1nak felgyors\u00edt\u00e1s\u00e1hoz val\u00f3<br \/>hozz\u00e1j\u00e1rul\u00e1s,<br \/>(13) a fiatalabb \u00e9s id\u0151sebb gener\u00e1ci\u00f3k oktat\u00e1sa az Alap\u00edtv\u00e1ny c\u00e9ljainak megval\u00f3s\u00edt\u00e1sa \u00e9rdek\u00e9ben,<\/p><p>(14) a hasonl\u00f3 szervezetekkel \u00e9s int\u00e9zm\u00e9nyekkel val\u00f3 egy\u00fcttm\u0171k\u00f6d\u00e9s megteremt\u00e9se \u00e9s el\u0151mozd\u00edt\u00e1sa<br \/>a Szerb K\u00f6zt\u00e1rsas\u00e1gban \u00e9s k\u00fclf\u00f6ld\u00f6n.<\/p><p>7. szakasz<\/p><p>A jelen Alapszab\u00e1ly 6. szakasza szerinti c\u00e9lok el\u00e9r\u00e9se \u00e9rdek\u00e9ben az Alap\u00edtv\u00e1ny k\u00fcl\u00f6n\u00f6sen:<br \/>(1) keresi \u00e9s biztos\u00edtja az eur\u00f3pai k\u00e9pz\u0151helyek \u00e9s kutat\u00f3int\u00e9zetek tev\u00e9kenys\u00e9g\u00e9hez sz\u00fcks\u00e9ges<br \/>int\u00e9zm\u00e9nyi h\u00e1tteret, mely \u00e1ltal hozz\u00e1j\u00e1rul a r\u00e9gi\u00f3 \u00e9s maga Vajdas\u00e1g szakmai sz\u00ednvonal\u00e1nak<br \/>fejl\u0151d\u00e9s\u00e9hez,<br \/>(2) konferenci\u00e1kat, tan\u00e1cskoz\u00e1sokat, szemin\u00e1riumokat \u00e9s a tudom\u00e1nyos szakemberek egy\u00e9b tal\u00e1lkoz\u00f3it<br \/>szervezi meg a mez\u0151gazdas\u00e1g \u00e9s k\u00f6rnyezetv\u00e9delem ter\u00fclet\u00e9n,<br \/>(3) tudom\u00e1nyos, gazdas\u00e1gi \u00e9s kultur\u00e1lis rendezv\u00e9nyeket, koncerteket, ki\u00e1ll\u00edt\u00e1sokat, v\u00e1s\u00e1rokat \u00e9s a<br \/>k\u00fcl\u00f6nb\u00f6z\u0151 t\u00e1rsadalmi \u00e9rt\u00e9kek egy\u00e9b m\u00f3don t\u00f6rt\u00e9n\u0151 bemutat\u00e1s\u00e1t szervezi,<br \/>(4) kiad\u00f3i tev\u00e9kenys\u00e9ggel foglalkozik,<br \/>(5) tanfolyamokat \u00e9s egy\u00e9b k\u00e9pz\u00e9seket szervez,<br \/>(6) di\u00e1k-\/hallgat\u00f3i utaz\u00e1sokat szervez,<br \/>(7) tudom\u00e1nyos \u00e9s kutat\u00f3i tev\u00e9kenys\u00e9ggel foglalkozik az Alap\u00edtv\u00e1ny c\u00e9ljainak megval\u00f3s\u00edt\u00e1sa ter\u00e9n,<br \/>(8) form\u00e1lis \u00e9s nem form\u00e1lis egy\u00fcttm\u0171k\u00f6d\u00e9st kezdem\u00e9nyez, szervez \u00e9s bonyol\u00edt a zentai Kert\u00e9szek<br \/>Egyes\u00fclet\u00e9vel (a tov\u00e1bbiakban: alap\u00edt\u00f3), hasonl\u00f3 szervezetekkel \u00e9s int\u00e9zm\u00e9nyekkel a Szerb<br \/>K\u00f6zt\u00e1rsas\u00e1g ter\u00fclet\u00e9n \u00e9s k\u00fclf\u00f6ld\u00f6n,<br \/>(9) egy\u00fcttm\u0171k\u00f6dik a nemzetk\u00f6zi szervezetekkel \u00e9s a Szerb K\u00f6zt\u00e1rsas\u00e1g, illetve m\u00e1s r\u00e9gi\u00f3beli \u00e9s azon<br \/>k\u00edv\u00fcli \u00e1llamok k\u00f6zmegb\u00edzat\u00e1st v\u00e9gz\u0151 szerveivel,<br \/>(10) keresi \u00e9s lehet\u0151s\u00e9g szerint biztos\u00edtja a hallgat\u00f3k \u00e9s di\u00e1kok \u00f6szt\u00f6nd\u00edjaz\u00e1s\u00e1nak, illetve az<br \/>Alap\u00edtv\u00e1ny c\u00e9ljai megval\u00f3sul\u00e1s\u00e1nak eszk\u00f6zeit \u00e9s felt\u00e9teleit,<br \/>(11) agron\u00f3miai \u00e9s egy\u00e9b tan\u00e1csad\u00e1st ny\u00fajt.<\/p><h4>2. BELS\u0150 SZERVEZET<\/h4><p>Az Alap\u00edtv\u00e1ny szervei<br \/>8. szakasz<\/p><p>Az Alap\u00edtv\u00e1ny szervei a Kurat\u00f3rium, amely az igazgat\u00f3bizotts\u00e1g szerep\u00e9t, illetve az Alap\u00edtv\u00e1ny eln\u00f6ke,<br \/>aki az \u00fcgyviv\u0151 szerep\u00e9t t\u00f6lti be, a t\u00f6rv\u00e9nnyel \u00f6sszhangban.<br \/>2.1 Kurat\u00f3rium<br \/>A Kurat\u00f3rium \u00f6sszet\u00e9tele<br \/>9. szakasz<\/p><p>A Kurat\u00f3rium ir\u00e1ny\u00edtja az Alap\u00edtv\u00e1nyt.<br \/>A Kurat\u00f3riumnak 6 tagja van.<br \/>A Kurat\u00f3riumnak lehetnek tiszteletbeli tagjai, akiket a Kurat\u00f3rium a Kurat\u00f3rium legkevesebb k\u00e9t<br \/>tagj\u00e1nak javaslat\u00e1ra v\u00e1laszt. A Kurat\u00f3rium tiszteletbeli tagjai akt\u00edvan r\u00e9szt vehetnek a Kurat\u00f3rium<br \/>\u00fcl\u00e9sein, de szavazati joggal nem rendelkeznek.<\/p><p>A Kurat\u00f3rium tagjainak kinevez\u00e9se \u00e9s visszah\u00edv\u00e1sa<\/p><p>10. szakasz<\/p><p>A Kurat\u00f3rium tagjait az alap\u00edt\u00f3 illetve a t\u00e1rsalap\u00edt\u00f3k nevezik ki \u00e9s h\u00edvj\u00e1k vissza, k\u00fcl\u00f6n-k\u00fcl\u00f6n hat\u00e1rozattal,<br \/>amelyben mindenki javasol egy-egy tagot.<br \/>A Kurat\u00f3rium a saj\u00e1t tagjai k\u00f6z\u00fcl v\u00e1laszt eln\u00f6k\u00f6t a Kurat\u00f3rium megb\u00edzat\u00e1s\u00e1nak idej\u00e9re.<br \/>A Kurat\u00f3rium eln\u00f6k\u00e9nek \u00e9s tagjainak mand\u00e1tuma n\u00e9gy \u00e9vre sz\u00f3l, akik \u00fajrav\u00e1laszthat\u00f3k illetve \u00fajra<br \/>kinevezhet\u0151k. Kurat\u00f3rium tagjainak tiszts\u00e9g\u00e9re nem nevezhet\u0151 ki az Alap\u00edtv\u00e1nyn\u00e1l munkaviszonyban<br \/>\u00e1ll\u00f3 szem\u00e9ly.<\/p><p>A Kurat\u00f3rium \u00fcl\u00e9sei<br \/>11. szakasz<\/p><p>A Kurat\u00f3riumnak saj\u00e1t \u00fcgyrendje van.<br \/>A Kurat\u00f3rium \u00fcl\u00e9seken hozza meg a d\u00f6nt\u00e9seit. Kiv\u00e9telesen a Kurat\u00f3rium d\u00f6nthet elektronikus \u00faton, SMS<br \/>\u00fczeneten kereszt\u00fcl vagy egy\u00e9b m\u00f3don az \u00fcgyrendj\u00e9vel el\u0151ir\u00e1nyozott esetekben.<br \/>A Kurat\u00f3rium eln\u00f6ke \u00f6sszeh\u00edvja a Kurat\u00f3rium \u00fcl\u00e9seit, meghat\u00e1rozza a napirendi javaslatot \u00e9s eln\u00f6k\u00f6l az<br \/>\u00fcl\u00e9seken.<br \/>A Kurat\u00f3rium eln\u00f6k\u00e9nek akad\u00e1lyoztat\u00e1sa eset\u00e9n a Kurat\u00f3rium \u00fcl\u00e9seit az \u00e1ltala meghatalmazott szem\u00e9ly<br \/>h\u00edvja \u00f6ssze \u00e9s vezeti.<\/p><p>A Kurat\u00f3rium tev\u00e9kenys\u00e9ge<br \/>12. szakasz<\/p><p>A Kurat\u00f3rium:<br \/>(1) meghozza \u00e9s m\u00f3dos\u00edtja az Alap\u00edtv\u00e1ny Alapszab\u00e1ly\u00e1t \u00e9s egy\u00e9b \u00e1ltal\u00e1nos aktusait,<br \/>(2) autentikus \u00e9rtelmez\u00e9st ad az Alapszab\u00e1ly rendelkez\u00e9seir\u0151l,<br \/>(3) meghozza a saj\u00e1t \u00fcgyrendj\u00e9t,<br \/>(4) meghozza a p\u00e9nz\u00fcgyi tervet \u00e9s a z\u00e1rsz\u00e1mad\u00e1st,<br \/>(5) meghat\u00e1rozza az Alap\u00edtv\u00e1ny vagyon\u00e1nak felhaszn\u00e1l\u00e1si m\u00f3dj\u00e1t,<br \/>(6) kinevezi \u00e9s felmenti az Alap\u00edtv\u00e1ny eln\u00f6k\u00e9t,<br \/>(7) d\u00f6nt a term\u00e9szetes \u00e9s jogi szem\u00e9lyek az Alap\u00edtv\u00e1nyhoz t\u00e1rsalap\u00edt\u00f3i min\u0151s\u00e9gben t\u00f6rt\u00e9n\u0151<br \/>csatlakoz\u00e1s\u00e1r\u00f3l,<br \/>(8) d\u00f6nt az elnevez\u00e9s \u00e9s a sz\u00e9khely m\u00f3dos\u00edt\u00e1s\u00e1r\u00f3l,<br \/>(9) d\u00f6nt az Alap\u00edtv\u00e1ny c\u00e9ljainak m\u00f3dos\u00edt\u00e1s\u00e1r\u00f3l, st\u00e1tusbeli v\u00e1ltoz\u00e1sair\u00f3l, megsz\u0171n\u00e9s\u00e9r\u0151l \u00e9s vagyon\u00e1nak<br \/>feloszt\u00e1s\u00e1r\u00f3l,<br \/>(10) sz\u00fcks\u00e9g szerint meghozza az Alap\u00edtv\u00e1ny munkaterv\u00e9t \u00e9s egy\u00fcttm\u0171k\u00f6d\u00e9si strat\u00e9gi\u00e1kat k\u00f6t,<br \/>(11) egy\u00e9b feladatokat l\u00e1t el a t\u00f6rv\u00e9nnyel, az Alap\u00edtv\u00e1ny alap\u00edt\u00f3i hat\u00e1rozat\u00e1val \u00e9s az Alapszab\u00e1llyal<br \/>\u00f6sszhangban.<br \/>A Kurat\u00f3rium tagjai \u00e9s eln\u00f6ke munk\u00e1juk\u00e9rt t\u00e9r\u00edtm\u00e9nyre \u00e9s \u00fatik\u00f6lts\u00e9geik megt\u00e9r\u00edt\u00e9s\u00e9re jogosultak a<br \/>Kurat\u00f3rium k\u00fcl\u00f6n hat\u00e1rozat\u00e1val \u00f6sszhangban.<\/p><p>A Kurat\u00f3rium d\u00f6nt\u00e9shozatala<br \/>13. szakasz<\/p><p>A Kurat\u00f3rium hat\u00e1rozatk\u00e9pes, ha \u00f6sszes tagj\u00e1nak t\u00f6bb mint a fele jelen van, d\u00f6nt\u00e9seit pedig a jelen l\u00e9v\u0151<br \/>tagok t\u00f6bbs\u00e9g\u00e9nek szavazat\u00e1val hozza meg, kiv\u00e9ve, ha a jelen Alapszab\u00e1ly \u00e9s a Kurat\u00f3rium \u00fcgyrendje<br \/>m\u00e1sk\u00e9nt nem rendelkezik.<\/p><p>A kurat\u00f3riumi tags\u00e1g megsz\u0171n\u00e9se<\/p><p>14. szakasz<\/p><p>A kurat\u00f3riumi tags\u00e1g, ide\u00e9rtve a Kurat\u00f3rium eln\u00f6k\u00e9nek tiszts\u00e9g\u00e9t is, megsz\u0171nik:<br \/>(1) a mand\u00e1tum lej\u00e1rt\u00e1val,<br \/>(2) az Alap\u00edt\u00f3 \u00e9s T\u00e1rsalap\u00edt\u00f3k r\u00e9sz\u00e9r\u0151l t\u00f6rt\u00e9n\u0151 visszah\u00edv\u00e1ssal, azonnali hat\u00e1llyal,<br \/>(3) lemond\u00e1ssal, a lemond\u00e1st k\u00f6vet\u0151 15-ik napon,<br \/>(4) a cselekv\u0151k\u00e9pess\u00e9g elveszt\u00e9s\u00e9vel,<br \/>(5) hal\u00e1llal,<br \/>(6) \u00e9s a t\u00f6rv\u00e9nnyel, illetve a jelen Alapszab\u00e1llyal el\u0151ir\u00e1nyozott egy\u00e9b esetekben.<br \/>A Kurat\u00f3rium tagja \u00e9s eln\u00f6ke minden id\u0151szakban beny\u00fajthatja lemond\u00e1s\u00e1t az Alap\u00edt\u00f3 illetve T\u00e1rsalap\u00edt\u00f3k<br \/>fel\u00e9, akik deleg\u00e1lt\u00e1k.<br \/>A kurat\u00f3riumi tags\u00e1g megsz\u0171n\u00e9se eset\u00e9n az Alap\u00edt\u00f3 illetve T\u00e1rsalap\u00edt\u00f3k akik kinevez\u00e9si joggal<br \/>rendelkeznek, legk\u00e9s\u0151bb az el\u0151z\u0151 tag tags\u00e1g\u00e1nak megsz\u0171n\u00e9s\u00e9nek napj\u00e1t\u00f3l sz\u00e1m\u00edtott 15 napon bel\u00fcl<br \/>k\u00f6telesek kinevezni az \u00faj tagot.<\/p><p>2.2 Az Alap\u00edtv\u00e1ny eln\u00f6ke<br \/>Az Alap\u00edtv\u00e1ny eln\u00f6k\u00e9nek kinevez\u00e9se<\/p><p>15. szakasz<\/p><p>Az Alap\u00edtv\u00e1ny eln\u00f6k\u00e9t a Kurat\u00f3rium nevezi ki \u00e9s menti fel az \u00f6sszes tag t\u00f6bbs\u00e9g\u00e9nek szavazat\u00e1val<br \/>legkevesebb h\u00e1rom tag \u00edr\u00e1sbeli javaslat\u00e1ra. Az alap\u00edtv\u00e1ny eln\u00f6k\u00e9nek azon szem\u00e9ly v\u00e1laszthat\u00f3, aki<br \/>egyetemi v\u00e9gzetts\u00e9ggel illetve tudom\u00e1nyos fokozattal rendelkezik mez\u0151gazdas\u00e1gi tudom\u00e1nyter\u00fcleten.<br \/>Az Alap\u00edtv\u00e1ny eln\u00f6k\u00e9nek mand\u00e1tuma n\u00e9gy \u00e9vre sz\u00f3l \u00e9s \u00fajrav\u00e1laszthat\u00f3.<br \/>Az Alap\u00edtv\u00e1ny eln\u00f6k\u00e9nek tev\u00e9kenys\u00e9ge<\/p><p>16. szakasz<\/p><p>Az Alap\u00edtv\u00e1ny eln\u00f6ke:<br \/>(1) k\u00e9pviseli az Alap\u00edtv\u00e1nyt \u00e9s felel munk\u00e1j\u00e1nak t\u00f6rv\u00e9nyess\u00e9g\u00e9\u00e9rt,<br \/>(2) ell\u00e1tja az Alap\u00edtv\u00e1ny feladatait \u00e9s foly\u00f3 \u00fcgyeit a Kurat\u00f3rium d\u00f6nt\u00e9seivel \u00f6sszhangban,<br \/>(3) javaslatot tesz a p\u00e9nz\u00fcgyi tervre \u00e9s z\u00e1rsz\u00e1mad\u00e1sra a Kurat\u00f3rium r\u00e9sz\u00e9re,<br \/>(4) munk\u00e1ltat\u00f3i jogokat \u00e9s k\u00f6telezetts\u00e9geket gyakorol az Alap\u00edtv\u00e1ny foglalkoztattjaival szemben,<br \/>(5) egy\u00e9b feladatokat l\u00e1t el a t\u00f6rv\u00e9nnyel \u00e9s a jelen Alapszab\u00e1llyal \u00f6sszhangban.<br \/>Az Alap\u00edtv\u00e1ny eln\u00f6ke munk\u00e1j\u00e1\u00e9rt t\u00e9r\u00edtm\u00e9nyre \u00e9s \u00fatik\u00f6lts\u00e9geinek megt\u00e9r\u00edt\u00e9s\u00e9re jogosult a Kurat\u00f3rium<br \/>k\u00fcl\u00f6n hat\u00e1rozat\u00e1val \u00f6sszhangban<br \/>Az alap\u00edtv\u00e1ny eln\u00f6k\u00e9nek akad\u00e1lyoztat\u00e1sa eset\u00e9n a jelen szakasz 1. bekezd\u00e9se szerinti k\u00f6telezetts\u00e9geket<br \/>az \u00e1ltala \u00edr\u00e1sban meghatalmazott szem\u00e9ly veszi \u00e1t.<\/p><p>Az Alap\u00edv\u00e1ny eln\u00f6ke, illetve a jelen szakasz 3. bekezd\u00e9se szerinti szem\u00e9ly k\u00f6teles sz\u00f3ban t\u00e1j\u00e9koztatni a<br \/>Kurat\u00f3rium tagjait az Alap\u00edtv\u00e1ny k\u00e9pviselete sor\u00e1n foganatos\u00edtott int\u00e9zked\u00e9sekr\u0151l \u00e9s \u00fcgyekr\u0151l a<br \/>Kurat\u00f3rium \u00fcl\u00e9seinek kezdet\u00e9n.<\/p><p>Az Alap\u00edtv\u00e1ny eln\u00f6ke tiszts\u00e9g\u00e9nek megsz\u0171n\u00e9se<\/p><p>17. szakasz<br \/>Az Alap\u00edtv\u00e1ny eln\u00f6k\u00e9nek tiszts\u00e9ge megsz\u0171nik:<br \/>(1) a mand\u00e1tum lej\u00e1rt\u00e1val,<br \/>(2) felment\u00e9ssel,<br \/>(3) lemond\u00e1ssal,<br \/>(4) a cselekv\u0151k\u00e9pess\u00e9g elveszt\u00e9s\u00e9vel,<br \/>(5) hal\u00e1llal,<br \/>(6) \u00e9s a t\u00f6rv\u00e9nnyel, illetve a jelen Alapszab\u00e1llyal el\u0151ir\u00e1nyozott egy\u00e9b esetekben.<br \/>Az Alap\u00edtv\u00e1ny eln\u00f6ke tiszts\u00e9g\u00e9nek a jelen szakasz 1. bekezd\u00e9se szerinti okb\u00f3l t\u00f6rt\u00e9n\u0151 megsz\u0171n\u00e9se eset\u00e9n<br \/>a Kurat\u00f3rium legk\u00e9s\u0151bb az el\u0151z\u0151 eln\u00f6k tiszts\u00e9g\u00e9nek megsz\u0171n\u00e9s\u00e9nek napj\u00e1t\u00f3l sz\u00e1m\u00edtott 7 napon bel\u00fcl<br \/>kinevezi az \u00faj eln\u00f6k\u00f6t.<\/p><p>Az Alap\u00edtv\u00e1ny eln\u00f6k\u00e9nek lemond\u00e1sa<\/p><p>18. szakasz<\/p><p>Az Alap\u00edtv\u00e1ny eln\u00f6ke minden id\u0151szakban beny\u00fajthatja \u00edr\u00e1sbeli lemond\u00e1s\u00e1t.<br \/>A lemond\u00e1st a Kurat\u00f3riumhoz kell beny\u00fajtani legkevesebb 15 nappal az Alap\u00edtv\u00e1ny eln\u00f6ke \u00e1ltal a<br \/>mand\u00e1tuma megsz\u0171n\u00e9s\u00e9nek napjak\u00e9nt meghat\u00e1rozott nap el\u0151tt.<br \/>Az Alap\u00edtv\u00e1ny eln\u00f6k\u00e9nek felment\u00e9se<\/p><p>19. szakasz<br \/>A Kurat\u00f3rium felmenti az Alap\u00edtv\u00e1ny eln\u00f6k\u00e9t a k\u00f6vetkez\u0151k miatt:<br \/>(1) ha tiszts\u00e9g\u00e9nek ell\u00e1t\u00e1sa sor\u00e1n nem j\u00f3hiszem\u0171en \u00e9s a j\u00f3 gazda gondoss\u00e1g\u00e1val j\u00e1r el,<br \/>(2) ha az Alap\u00edtv\u00e1ny gazdas\u00e1gi tev\u00e9kenys\u00e9g\u00e9re vonatkoz\u00f3 feladatok ell\u00e1t\u00e1sa sor\u00e1n nem a j\u00f3<br \/>gazd\u00e1lkod\u00f3 gondoss\u00e1g\u00e1val j\u00e1r el,<br \/>(3) ha az Alap\u00edtv\u00e1ny vagyon\u00e1t szem\u00e9lyes c\u00e9lokra haszn\u00e1lja,<br \/>(4) ha az Alap\u00edtv\u00e1ny tev\u00e9kenys\u00e9g\u00e9nek ell\u00e1t\u00e1sa sor\u00e1n viselked\u00e9s\u00e9vel anyagi, illetve erk\u00f6lcsi k\u00e1rt okoz<br \/>az Alap\u00edtv\u00e1nynak.<\/p><p>2.3 Az Alap\u00edtv\u00e1ny szervezeti egys\u00e9gei<\/p><p>20. szakasz<\/p><p>A Kurat\u00f3rium k\u00fcl\u00f6n hat\u00e1rozattal megalak\u00edthatja az Alap\u00edtv\u00e1ny szervezeti egys\u00e9geit.<br \/>A szervezeti egys\u00e9gek nem jogi szem\u00e9lyek.<br \/>A szervezeti egys\u00e9geket az Alap\u00edtv\u00e1ny adminisztrat\u00edv feladatainak \u00e9s szakmai tev\u00e9kenys\u00e9g\u00e9nek<br \/>hat\u00e9konyabb ell\u00e1t\u00e1sa c\u00e9lj\u00e1b\u00f3l alap\u00edtj\u00e1k az Alap\u00edtv\u00e1ny a jelen Alapszab\u00e1ly \u00e9s az Alap\u00edtv\u00e1ny alap\u00edt\u00f3i<br \/>hat\u00e1rozata szerinti c\u00e9ljaival \u00f6sszhangban.<\/p><p>Dr. Ber\u00e9nyi J\u00e1nos Agr\u00e1r-innov\u00e1ci\u00f3s Iroda<\/p><p>21. szakasz<\/p><p>A Dr. Ber\u00e9nyi J\u00e1nos Agr\u00e1r-innov\u00e1ci\u00f3s Iroda (tov\u00e1bbiakban: Iroda) az Alap\u00edtv\u00e1ny jogi szem\u00e9lyis\u00e9ggel<br \/>nem rendelkez\u0151 szervezeti egys\u00e9ge, melyet az Alap\u00edtv\u00e1ny adminisztrat\u00edv feladatainak \u00e9s szakmai<br \/>tev\u00e9kenys\u00e9g\u00e9nek hat\u00e9konyabb ell\u00e1t\u00e1sa c\u00e9lj\u00e1b\u00f3l alap\u00edtottak, mely k\u00fcl\u00f6n\u00f6sen mag\u00e1ba foglalja: az<br \/>innov\u00e1ci\u00f3s technol\u00f3gi\u00e1k bemutat\u00e1s\u00e1t \u00e9s bevezet\u00e9s\u00e9t a gazd\u00e1lkod\u00f3k r\u00e9sz\u00e9re a Vajdas\u00e1g AT-ban; szakmai<br \/>k\u00e9pz\u00e9sek \u00e9s tov\u00e1bbk\u00e9pz\u00e9sek szervez\u00e9s\u00e9t a r\u00e9gi\u00f3 fejl\u0151d\u00e9s\u00e9nek el\u0151mozd\u00edt\u00e1sa \u00e9rdek\u00e9ben, ide\u00e9rtve a mester<br \/>\u00e9s doktori tanulm\u00e1nyok felt\u00e9teleinek megteremt\u00e9s\u00e9t \u00e9s biztos\u00edt\u00e1s\u00e1t Szerbia Eur\u00f3pai Uni\u00f3hoz t\u00f6rt\u00e9n\u0151<br \/>csatlakoz\u00e1s\u00e1nak f\u00e9ny\u00e9ben; a hat\u00e1lyos jogszab\u00e1lyok ismertet\u00e9se \u00e9s helyes alkalmaz\u00e1sa c\u00e9lj\u00e1b\u00f3l t\u00f6rt\u00e9n\u0151<br \/>oktat\u00e1sszervez\u00e9st; szakmai fejleszt\u00e9si projektek felkutat\u00e1s\u00e1t \u00e9s a lebonyol\u00edt\u00e1sukban val\u00f3 r\u00e9szv\u00e9telt; az<br \/>illet\u00e9kes szervekkel val\u00f3 szakmai egy\u00fcttm\u0171k\u00f6d\u00e9st a r\u00e9gi\u00f3 sz\u00fcks\u00e9gleteivel \u00f6sszhangban t\u00f6rt\u00e9n\u0151<br \/>jogszab\u00e1ly-el\u0151k\u00e9sz\u00edt\u00e9s ter\u00e9n; a j\u00f3 termel\u00e9si \u00e9s \u00e9rt\u00e9kes\u00edt\u00e9si gyakorlat kialak\u00edt\u00e1s\u00e1hoz \u00e9s terjeszt\u00e9s\u00e9hez val\u00f3<br \/>hozz\u00e1j\u00e1rul\u00e1st; az egyedi t\u00e1rsadalmi \u00e9rt\u00e9kek felkutat\u00e1s\u00e1t, nyilv\u00e1ntart\u00e1sba v\u00e9tel\u00e9t \u00e9s sz\u00e9les k\u00f6r\u0171<br \/>ismertet\u00e9s\u00e9t a Vajdas\u00e1g AT-ban; a szakmai kapcsolatok kialak\u00edt\u00e1s\u00e1t \u00e9s \u00e1pol\u00e1s\u00e1t Szerbi\u00e1ban \u00e9s k\u00fclf\u00f6ld\u00f6n.<br \/>Az Alap\u00edtv\u00e1ny az Irod\u00e1n kereszt\u00fcl akt\u00edvan egy\u00fcttm\u0171k\u00f6dik az alap\u00edt\u00f3val.<br \/>Az Iroda feladatait a Zenta, Kara\u0111or\u0111e utca 52. sz\u00e1m alatt is ell\u00e1thatj\u00e1k.<\/p><h4><br \/>3. AZ ALAP\u00cdTV\u00c1NY VAGYONA \u00c9S ESZK\u00d6ZEI<\/h4><p>Az Alap\u00edtv\u00e1ny eszk\u00f6zei<br \/>22. szakasz<\/p><p>Az Alap\u00edtv\u00e1ny eszk\u00f6zeit:<br \/>(1) az Alap\u00edtv\u00e1ny alap\u00edt\u00f3i hat\u00e1rozat\u00e1val \u00f6sszhangban az alap\u00edt\u00f3 \u00e1ltal rendelkez\u00e9sre bocs\u00e1tott alapt\u0151ke,<br \/>(2) a t\u00e1mogat\u00e1si eszk\u00f6z\u00f6k, aj\u00e1nd\u00e9kok, lek\u00f6t\u00f6tt eszk\u00f6z\u00f6k ut\u00e1n j\u00e1r\u00f3 kamat, valamint<br \/>(3) egy\u00e9b, a t\u00f6rv\u00e9nnyel meghat\u00e1rozott eszk\u00f6z\u00f6k alkothatj\u00e1k.<br \/>Az Alap\u00edtv\u00e1ny eszk\u00f6zei mag\u00e1ntulajdonban \u00e1llnak.<br \/>Az Alap\u00edtv\u00e1ny tulajdonosa a Zenta, Kara\u0111or\u0111e u. 52. sz\u00e1m alatt \u00e1ll\u00f3 ingatlannak, melyben az Alap\u00edtv\u00e1ny<br \/>egyes feladatait l\u00e1tj\u00e1k el az Alap\u00edtv\u00e1ny c\u00e9ljaival \u00f6sszhangban.<br \/>A vagyonszerz\u00e9s m\u00f3dja<br \/>23. szakasz<\/p><p>Az Alap\u00edtv\u00e1ny vagyont \u00f6nk\u00e9ntes felaj\u00e1nl\u00e1sokb\u00f3l, aj\u00e1nd\u00e9kokb\u00f3l, adom\u00e1nyokb\u00f3l, p\u00e9nz\u00fcgyi<br \/>t\u00e1mogat\u00e1sokb\u00f3l, hagyat\u00e9kb\u00f3l, lek\u00f6t\u00f6tt eszk\u00f6z\u00f6k ut\u00e1n j\u00e1r\u00f3 kamatb\u00f3l, b\u00e9rleti d\u00edjb\u00f3l, szerz\u0151i jogokb\u00f3l,<br \/>osztal\u00e9kb\u00f3l \u00e9s egy\u00e9b, a t\u00f6rv\u00e9nnyel megengedett m\u00f3don megval\u00f3s\u00edtott bev\u00e9telb\u0151l szerezhet.<\/p><p>24. szakasz<\/p><p>Az Alap\u00edtv\u00e1nynak c\u00e9leszk\u00f6zk\u00e9nt aj\u00e1nd\u00e9kozott vagy \u00e1tengedett aj\u00e1nd\u00e9kok, hagyom\u00e1nyok \u00e9s \u00f6nk\u00e9ntes<br \/>felaj\u00e1nl\u00e1sok az adom\u00e1nyoz\u00f3 k\u00edv\u00e1ns\u00e1ga szerint ker\u00fclnek felhaszn\u00e1l\u00e1sra.<\/p><p>A Kurat\u00f3rium k\u00f6teles az adom\u00e1nyoz\u00f3 figyelm\u00e9t felh\u00edvni az Alap\u00edtv\u00e1ny c\u00e9ljaira, valamint arra a t\u00e9nyre,<br \/>hogy az Alap\u00edtv\u00e1ny eszk\u00f6zei csak ezen c\u00e9lokra haszn\u00e1lhat\u00f3ak fel, amely felh\u00edv\u00e1s tudom\u00e1sulv\u00e9tel\u00e9r\u0151l az<br \/>adom\u00e1nyoz\u00f3 \u00edr\u00e1sbeli nyilatkozatot tesz.<\/p><p>25. szakasz<\/p><p>Azon belf\u00f6ldi \u00e9s k\u00fclf\u00f6ldi jogi \u00e9s term\u00e9szetes szem\u00e9lyek, akik t\u00e1mogatni szeretn\u00e9k az Alap\u00edtv\u00e1ny<br \/>c\u00e9ljainak megval\u00f3s\u00edt\u00e1s\u00e1t, azonos felt\u00e9telek mellett v\u00e1lhatnak az Alap\u00edtv\u00e1ny adom\u00e1nyoz\u00f3iv\u00e1.<br \/>Az adom\u00e1nyoz\u00e1s az Alap\u00edtv\u00e1ny foly\u00f3sz\u00e1ml\u00e1j\u00e1ra val\u00f3 p\u00e9nz befizet\u00e9s\u00e9vel, az Alap\u00edtv\u00e1nyra t\u00f6rt\u00e9n\u0151 ing\u00f3,<br \/>illetve ingatlan vagyon, tov\u00e1bb\u00e1 jog ingyenes \u00e1truh\u00e1z\u00e1s\u00e1val t\u00f6rt\u00e9nhet.<br \/>Az Alap\u00edtv\u00e1ny eszk\u00f6zeinek felhaszn\u00e1l\u00e1si szab\u00e1lyai<\/p><p>26. szakasz<\/p><p>Az Alap\u00edtv\u00e1ny eszk\u00f6zei a jelen Alapszab\u00e1ly szerint meghat\u00e1rozott rendeltet\u00e9ssel \u00f6sszhangban ker\u00fclnek<br \/>felhaszn\u00e1l\u00e1sra:<br \/>(1)az Alap\u00edtv\u00e1ny a jelen Alapszab\u00e1ly 6. szakasza szerinti c\u00e9ljainak megval\u00f3s\u00edt\u00e1s\u00e1ra,<br \/>(2)az Alap\u00edtv\u00e1ny ir\u00e1ny\u00edt\u00e1s\u00e1nak \u00e9s m\u0171k\u00f6dtet\u00e9s\u00e9nek k\u00f6lts\u00e9geire,<br \/>(3)a Kurat\u00f3rium \u00e1ltal elfogadott p\u00e9nz\u00fcgyi tervben vagy k\u00fcl\u00f6n hat\u00e1rozatban meghat\u00e1rozott, a t\u00f6rv\u00e9nnyel<br \/>\u00e9s jelen Alapszab\u00e1llyal \u00f6sszhangban l\u00e9v\u0151 egy\u00e9b c\u00e9lokra.<br \/>Az Alap\u00edtv\u00e1ny k\u00f6teles az eszk\u00f6z\u00f6ket a j\u00f3 gazda gondoss\u00e1g\u00e1val kezelni.<\/p><p>27. szakasz<\/p><p>Az eszk\u00f6z\u00f6k felhaszn\u00e1l\u00e1sa a Kurat\u00f3rium \u00e1ltal napt\u00e1ri \u00e9venk\u00e9nt elfogad\u00e1sra ker\u00fcl\u0151 p\u00e9nz\u00fcgyi terv szerint<br \/>t\u00f6rt\u00e9nik, jelen Alapszab\u00e1llyal \u00f6sszhangban.<br \/>Az Alap\u00edtv\u00e1ny p\u00e9nz\u00fcgyi terve \u00e9v k\u00f6zben az elfogad\u00e1s\u00e1ra vonatkoz\u00f3 elj\u00e1r\u00e1s szerint m\u00f3dos\u00edthat\u00f3.<\/p><p>Gazdas\u00e1gi tev\u00e9kenys\u00e9g<br \/>28. szakasz<\/p><p>Az Alap\u00edtv\u00e1ny a k\u00f6vetkez\u0151k gazdas\u00e1gi tev\u00e9kenys\u00e9g k\u00f6zvetlen v\u00e9gz\u00e9s\u00e9vel val\u00f3s\u00edt meg bev\u00e9telt:<br \/>74.90 \u2013 Egy\u00e9b szakmai, tudom\u00e1nyos \u00e9s m\u0171szaki tev\u00e9kenys\u00e9g,<br \/>85.59 \u2013 Egy\u00e9b oktat\u00e1s,<br \/>94.99 \u2013 Tags\u00e1gi viszonyon alapul\u00f3 egy\u00e9b szervezetek tev\u00e9kenys\u00e9ge.<br \/>Az Alap\u00edtv\u00e1ny a gazdas\u00e1gi tev\u00e9kenys\u00e9get mell\u00e9kes tev\u00e9kenys\u00e9gk\u00e9nt folytatja, kiz\u00e1r\u00f3lag az Alapszab\u00e1ly<br \/>6. szakasza szerinti c\u00e9lok vonatkoz\u00e1s\u00e1ban.<\/p><p>\u00a0<\/p><h4>4. A TEV\u00c9KENYS\u00c9G NYILV\u00c1NOSS\u00c1GA<\/h4><p>A tev\u00e9kenys\u00e9g nyilv\u00e1noss\u00e1g\u00e1nak biztos\u00edt\u00e1sa<\/p><p>29. szakasz<\/p><p>Az Alap\u00edtv\u00e1ny tev\u00e9kenys\u00e9ge nyilv\u00e1nos.<\/p><p>Az Alap\u00edtv\u00e1ny tevek\u00e9nys\u00e9g\u00e9nek nyilv\u00e1noss\u00e1ga az \u00e9vi munkabesz\u00e1mol\u00f3 interneten t\u00f6rt\u00e9n\u0151<br \/>k\u00f6zz\u00e9t\u00e9tel\u00e9vel, publik\u00e1ci\u00f3k, nyilv\u00e1nos k\u00f6zlem\u00e9nyek r\u00e9v\u00e9n vagy egy\u00e9b, megfelel\u0151 m\u00f3don val\u00f3sul meg.<br \/>Az Alap\u00edtv\u00e1ny nev\u00e9ben a Kurat\u00f3rium eln\u00f6ke, az Alap\u00edtv\u00e1ny eln\u00f6ke \u00e9s az Alap\u00edtv\u00e1ny eln\u00f6ke \u00e1ltal, a<br \/>nyilv\u00e1noss\u00e1g t\u00e1j\u00e9koztat\u00e1s\u00e1ra k\u00fcl\u00f6n meghatalmazott szem\u00e9ly t\u00e1j\u00e9koztathatja a nyilv\u00e1noss\u00e1got az<br \/>Alap\u00edtv\u00e1ny tev\u00e9kenys\u00e9g\u00e9r\u0151l.<\/p><p>A szem\u00e9lyes adatok v\u00e9delme<br \/>30. szakasz<\/p><p>A Kurat\u00f3rium eln\u00f6ke \u00e9s tagjai, az Alap\u00edtv\u00e1ny eln\u00f6ke, valamint az Alap\u00edtv\u00e1ny c\u00e9ljainak megval\u00f3s\u00edt\u00e1s\u00e1ban<br \/>egy\u00e9b alapon r\u00e9sztvev\u0151 szem\u00e9lyek nem tehetik nyilv\u00e1noss\u00e1 az Alap\u00edtv\u00e1ny tev\u00e9kenys\u00e9g\u00e9nek v\u00e9gz\u00e9se<br \/>sor\u00e1n tudom\u00e1sukra jutott szem\u00e9lyes adatokat, azon szem\u00e9ly j\u00f3v\u00e1hagy\u00e1sa n\u00e9lk\u00fcl, akire az adatok<br \/>vonatkoznak, a t\u00f6rv\u00e9nnyel \u00f6sszhangban.<br \/>Az Alap\u00edtv\u00e1ny k\u00f6teles tev\u00e9kenys\u00e9g\u00e9nek v\u00e9gz\u00e9se sor\u00e1n gondot viselni a szem\u00e9lyes adatok v\u00e9delm\u00e9t<br \/>szab\u00e1lyoz\u00f3 t\u00f6rv\u00e9ny alkalmaz\u00e1s\u00e1r\u00f3l.<\/p><h4>5. ALAP\u00cdT\u00d3I MIN\u0150S\u00c9GBEN T\u00d6RT\u00c9N\u0150 CSATLAKOZ\u00c1S<\/h4><p>31. szakasz<\/p><p>A term\u00e9szetes vagy jogi szem\u00e9lyek az Alap\u00edtv\u00e1nyhoz alap\u00edt\u00f3i min\u0151s\u00e9gben t\u00f6rt\u00e9n\u0151 csatlakoz\u00e1s\u00e1r\u00f3l a<br \/>Kurat\u00f3rium \u00f6sszes tagja t\u00f6bbs\u00e9g\u00e9nek szavazat\u00e1val hat\u00e1roz.<br \/>A csatlakoz\u00e1sr\u00f3l sz\u00f3l\u00f3 szerz\u0151d\u00e9st az Alap\u00edtv\u00e1ny eln\u00f6ke \u00e9s az Alap\u00edtv\u00e1nyhoz t\u00e1rsalap\u00edt\u00f3i min\u0151s\u00e9gben<br \/>csatlakoz\u00f3 szem\u00e9ly k\u00f6ti a Kurat\u00f3rium jelen szakasz 1. bekezd\u00e9se szerinti k\u00fcl\u00f6n hat\u00e1rozata alapj\u00e1n.<br \/>A csatlakoz\u00e1si szerz\u0151d\u00e9sen szerepl\u0151 al\u00e1\u00edr\u00e1sokat a t\u00f6rv\u00e9nnyel \u00f6sszhangban kell hiteles\u00edteni.<br \/>A csatlakoz\u00e1si szerz\u0151d\u00e9st idej\u00e9ben k\u00e9zbes\u00edteni kell az alap\u00edtv\u00e1nyok bejegyz\u00e9s\u00e9vel \u00e9s nyilv\u00e1ntart\u00e1s\u00e1nak<br \/>vezet\u00e9s\u00e9vel megb\u00edzott szervnek a t\u00e1rsalap\u00edt\u00f3i min\u0151s\u00e9gben csatlakozott szem\u00e9ly adatainak nyilv\u00e1ntart\u00e1sba<br \/>v\u00e9tele miatt.<\/p><h4>6. ST\u00c1TUSBELI V\u00c1LTOZ\u00c1SOK \u00c9S AZ ALAP\u00cdTV\u00c1NY MEGSZ\u0170N\u00c9SE<\/h4><p>32. szakasz<\/p><p>A Kurat\u00f3rium az \u00f6sszes tagja t\u00f6bbs\u00e9g\u00e9nek szavazat\u00e1val hat\u00e1roz a st\u00e1tusbeli v\u00e1ltoz\u00e1sokr\u00f3l, az Alap\u00edtv\u00e1ny<br \/>jogi form\u00e1j\u00e1nak \u00e1talak\u00edt\u00e1s\u00e1r\u00f3l, illetve annak megsz\u0171n\u00e9s\u00e9r\u0151l, ha megsz\u0171nnek vagy m\u00f3dosulnak az<br \/>Alap\u00edtv\u00e1ny c\u00e9ljai megval\u00f3s\u00edt\u00e1s\u00e1nak felt\u00e9telei, valamint m\u00e1s, a t\u00f6rv\u00e9nnyel el\u0151ir\u00e1nyozott esetekben.<br \/>Az Alap\u00edtv\u00e1ny megsz\u0171n\u00e9se eset\u00e9n az Alap\u00edtv\u00e1ny vagyona az Alap\u00edtv\u00e1ny alap\u00edt\u00f3j\u00e1ra, azaz a zentai<br \/>Kert\u00e9szek Egyes\u00fclet\u00e9re, Zenta, Posta u. 18. sz\u00e1ll \u00e1t.<\/p><h4>7. AZ ALAPSZAB\u00c1LY M\u00d3DOS\u00cdT\u00c1SA<\/h4><p>33. szakasz<\/p><p>Az Alapszab\u00e1lyt a Kurat\u00f3rium m\u00f3dos\u00edtja \u00e9s eg\u00e9sz\u00edti ki.<br \/>A Kurat\u00f3rium legkevesebb h\u00e1rom tagja kezdem\u00e9nyezheti az Alapszab\u00e1ly m\u00f3dos\u00edt\u00e1s\u00e1t \u00e9s kieg\u00e9sz\u00edt\u00e9s\u00e9t a<br \/>javasolt m\u00f3dos\u00edt\u00e1sok \u00edr\u00e1sbeli form\u00e1ban t\u00f6rt\u00e9n\u0151 beny\u00fajt\u00e1s\u00e1val a Kurat\u00f3rium eln\u00f6ke r\u00e9sz\u00e9re.<br \/>A Kurat\u00f3rium eln\u00f6ke k\u00f6teles a javasolt m\u00f3dos\u00edt\u00e1sok beny\u00fajt\u00e1s\u00e1t\u00f3l sz\u00e1m\u00edtott 15 napon bel\u00fcl \u00f6sszeh\u00edvni<br \/>a Kurat\u00f3rium \u00fcl\u00e9s\u00e9t a kezdem\u00e9nyez\u00e9s megt\u00e1rgyal\u00e1s\u00e1nak \u00e9s az arr\u00f3l val\u00f3 d\u00f6nt\u00e9shozatalnak a napirendre<br \/>t\u0171z\u00e9s\u00e9vel.<br \/>Ha a Kurat\u00f3rium eln\u00f6ke nem h\u00edvja \u00f6ssze az \u00fcl\u00e9st a meghat\u00e1rozott hat\u00e1rid\u0151n bel\u00fcl, az ind\u00edtv\u00e1nyoz\u00f3k<br \/>\u00f6sszeh\u00edvhatj\u00e1k az \u00fcl\u00e9st a k\u00f6vetkez\u0151 10 napban a jelen szakasz 3. bekezd\u00e9se szerinti napirenddel. Az ily<br \/>m\u00f3don \u00f6sszeh\u00edvott \u00fcl\u00e9sen az egyik ind\u00edtv\u00e1nyoz\u00f3 eln\u00f6k\u00f6l.<br \/>A Kurat\u00f3rium a Kurat\u00f3rium \u00f6sszes tagja t\u00f6bbs\u00e9g\u00e9nek szavazat\u00e1val fogadja el az Alapszab\u00e1ly<br \/>m\u00f3dos\u00edt\u00e1sait.<\/p><h4>8. \u00c1TMENETI \u00c9S Z\u00c1R\u00d3RENDELKEZ\u00c9SEK<\/h4><p>34. szakasz<\/p><p>Jelen Alapszb\u00e1ly elfogad\u00e1s\u00e1val a Kurat\u00f3rium tagjainak \u00e9s az Alap\u00edtv\u00e1ny eln\u00f6k\u00e9nek a mand\u00e1tuma<br \/>automatikusan megsz\u0171nik.<br \/>A Kurat\u00f3rium tagjainak \u00e9s az Alap\u00edtv\u00e1ny eln\u00f6k\u00e9nek jelen Alapszab\u00e1ly szerint kinevez\u00e9si elj\u00e1r\u00e1s\u00e1t<br \/>legk\u00e9s\u0151bb a jelen Alapszab\u00e1ly elfogad\u00e1s\u00e1t k\u00f6vet\u0151 60 napon bel\u00fcl le kell folytatni.<br \/>A foly\u00f3 \u00fcgyeket a Kurat\u00f3rium tagjainak \u00e9s az Alap\u00edtv\u00e1ny eln\u00f6k\u00e9nek a jelen Alapszab\u00e1ly szerinti<br \/>kinevez\u00e9s\u00e9ig azon kurat\u00f3rium tagok, illetve az Alap\u00edtv\u00e1ny azon eln\u00f6ke v\u00e9gzik, akik mand\u00e1tuma a jelen<br \/>Alapszab\u00e1ly elfogad\u00e1s\u00e1val sz\u0171nt meg.<\/p><p>35. szakasz<\/p><p>Minden, jelen Alapszab\u00e1ly \u00e1ltal k\u00f6zvetlen\u00fcl nem szab\u00e1lyozott k\u00e9rd\u00e9sre az adom\u00e1nyalapokr\u00f3l \u00e9s<br \/>alap\u00edtv\u00e1nyokr\u00f3l sz\u00f3l\u00f3 t\u00f6rv\u00e9ny rendelkez\u00e9sei az ir\u00e1nyad\u00f3k.<br \/>36. szakasz<\/p><p>Jelen Alapszab\u00e1ly elfogad\u00e1s\u00e1nak napj\u00e1n hat\u00e1ly\u00e1t veszti az Alap\u00edtv\u00e1ny 2017. m\u00e1jus 15-i egys\u00e9ges<br \/>szerkezetbe foglalt Alapszab\u00e1lya.<\/p><p>37. szakasz<br \/>A jelen Alapszab\u00e1ly elfogad\u00e1s\u00e1nak napj\u00e1n l\u00e9p hat\u00e1lyba.<br \/>Kurat\u00f3rium eln\u00f6ke<br \/>Prof. Dr. Nagy Imre<\/p>\t\t\t\t\t\t<\/div>\n\t\t\t\t<\/div>\n\t\t\t\t\t<\/div>\n\t\t\t\t<\/div>\n\t\t\t\t\t\t\t<\/div>\n\t\t","protected":false},"excerpt":{"rendered":"<p>Alapszab\u00e1ly R\u00f3lunk Alapszab\u00e1ly Az adom\u00e1nyalapokr\u00f3l \u00e9s alap\u00edtv\u00e1nyokr\u00f3l sz\u00f3l\u00f3 t\u00f6rv\u00e9ny (Az SZK Hivatalos K\u00f6zl\u00f6nye, 88\/2010. \u00e9s99\/2011. \u2013 m\u00e1sik t\u00f6rv\u00e9ny) 33. szakasz\u00e1nak 4. bekezd\u00e9se alapj\u00e1n a zentai Pro Scientia Naturae Alap\u00edtv\u00e1nyKurat\u00f3riuma a 2023. j\u00falius 4-\u00e9n, Zent\u00e1n megtartott \u00fcl\u00e9s\u00e9n egys\u00e9ges szerkezetbe foglalva meghozza a PRO SCIENTIA NATURAE ALAP\u00cdTV\u00c1NY, ZENTA ALAPSZAB\u00c1LY\u00c1T 1. \u00c1LTAL\u00c1NOS RENDELKEZ\u00c9SEK Jogalanyis\u00e1g1. szakasz A Pro Scientia [&hellip;]<\/p>\n","protected":false},"author":3,"featured_media":0,"parent":3526,"menu_order":0,"comment_status":"closed","ping_status":"closed","template":"elementor_header_footer","meta":{"footnotes":""},"_links":{"self":[{"href":"https:\/\/proscnat.org\/proscnat\/wp-json\/wp\/v2\/pages\/396"}],"collection":[{"href":"https:\/\/proscnat.org\/proscnat\/wp-json\/wp\/v2\/pages"}],"about":[{"href":"https:\/\/proscnat.org\/proscnat\/wp-json\/wp\/v2\/types\/page"}],"author":[{"embeddable":true,"href":"https:\/\/proscnat.org\/proscnat\/wp-json\/wp\/v2\/users\/3"}],"replies":[{"embeddable":true,"href":"https:\/\/proscnat.org\/proscnat\/wp-json\/wp\/v2\/comments?post=396"}],"version-history":[{"count":12,"href":"https:\/\/proscnat.org\/proscnat\/wp-json\/wp\/v2\/pages\/396\/revisions"}],"predecessor-version":[{"id":4345,"href":"https:\/\/proscnat.org\/proscnat\/wp-json\/wp\/v2\/pages\/396\/revisions\/4345"}],"up":[{"embeddable":true,"href":"https:\/\/proscnat.org\/proscnat\/wp-json\/wp\/v2\/pages\/3526"}],"wp:attachment":[{"href":"https:\/\/proscnat.org\/proscnat\/wp-json\/wp\/v2\/media?parent=396"}],"curies":[{"name":"wp","href":"https:\/\/api.w.org\/{rel}","templated":true}]}}