{"id":4765,"date":"2024-07-24T06:47:11","date_gmt":"2024-07-24T06:47:11","guid":{"rendered":"https:\/\/proscnat.org\/proscnat\/?page_id=4765"},"modified":"2024-09-06T12:19:39","modified_gmt":"2024-09-06T12:19:39","slug":"a-demokratikus-kultura-kompetenciai-es-a-tanitasi-tanulasi-programok-2024","status":"publish","type":"page","link":"https:\/\/proscnat.org\/proscnat\/programok\/a-demokratikus-kultura-kompetenciai-es-a-tanitasi-tanulasi-programok-2024\/","title":{"rendered":"A demokratikus kult\u00fara kompetenci\u00e1i \u00e9s a tan\u00edt\u00e1si-tanul\u00e1si programok (2024)"},"content":{"rendered":"\t\t<div data-elementor-type=\"wp-page\" data-elementor-id=\"4765\" class=\"elementor elementor-4765\" data-elementor-post-type=\"page\">\n\t\t\t\t\t\t\t\t\t<section class=\"elementor-section elementor-top-section elementor-element elementor-element-b898afc elementor-section-height-min-height elementor-section-boxed elementor-section-height-default elementor-section-items-middle\" data-id=\"b898afc\" data-element_type=\"section\" data-settings=\"{&quot;background_background&quot;:&quot;classic&quot;}\">\n\t\t\t\t\t\t\t<div class=\"elementor-background-overlay\"><\/div>\n\t\t\t\t\t\t\t<div class=\"elementor-container elementor-column-gap-default\">\n\t\t\t\t\t<div class=\"elementor-column elementor-col-100 elementor-top-column elementor-element elementor-element-75c485f9\" data-id=\"75c485f9\" data-element_type=\"column\">\n\t\t\t<div class=\"elementor-widget-wrap elementor-element-populated\">\n\t\t\t\t\t\t\t\t<div class=\"elementor-element elementor-element-3afe7256 elementor-invisible elementor-widget elementor-widget-heading\" data-id=\"3afe7256\" data-element_type=\"widget\" data-settings=\"{&quot;_animation&quot;:&quot;fadeIn&quot;}\" data-widget_type=\"heading.default\">\n\t\t\t\t<div class=\"elementor-widget-container\">\n\t\t\t<style>\/*! elementor - v3.17.0 - 25-10-2023 *\/\n.elementor-heading-title{padding:0;margin:0;line-height:1}.elementor-widget-heading .elementor-heading-title[class*=elementor-size-]>a{color:inherit;font-size:inherit;line-height:inherit}.elementor-widget-heading .elementor-heading-title.elementor-size-small{font-size:15px}.elementor-widget-heading .elementor-heading-title.elementor-size-medium{font-size:19px}.elementor-widget-heading .elementor-heading-title.elementor-size-large{font-size:29px}.elementor-widget-heading .elementor-heading-title.elementor-size-xl{font-size:39px}.elementor-widget-heading .elementor-heading-title.elementor-size-xxl{font-size:59px}<\/style><h2 class=\"elementor-heading-title elementor-size-default\">A demokratikus kult\u00fara kompetenci\u00e1i \u00e9s a tan\u00edt\u00e1si-tanul\u00e1si programok (2024)<\/h2>\t\t<\/div>\n\t\t\t\t<\/div>\n\t\t\t\t<div class=\"elementor-element elementor-element-622a9b99 elementor-icon-list--layout-inline elementor-align-center elementor-list-item-link-full_width elementor-invisible elementor-widget elementor-widget-icon-list\" data-id=\"622a9b99\" data-element_type=\"widget\" data-settings=\"{&quot;_animation&quot;:&quot;fadeIn&quot;,&quot;_animation_delay&quot;:200}\" data-widget_type=\"icon-list.default\">\n\t\t\t\t<div class=\"elementor-widget-container\">\n\t\t\t<link rel=\"stylesheet\" href=\"https:\/\/proscnat.org\/proscnat\/wp-content\/plugins\/elementor\/assets\/css\/widget-icon-list.min.css\">\t\t<ul class=\"elementor-icon-list-items elementor-inline-items\">\n\t\t\t\t\t\t\t<li class=\"elementor-icon-list-item elementor-inline-item\">\n\t\t\t\t\t\t\t\t\t\t\t<a href=\"#\">\n\n\t\t\t\t\t\t\t\t\t\t\t<span class=\"elementor-icon-list-text\"><\/span>\n\t\t\t\t\t\t\t\t\t\t\t<\/a>\n\t\t\t\t\t\t\t\t\t<\/li>\n\t\t\t\t\t\t<\/ul>\n\t\t\t\t<\/div>\n\t\t\t\t<\/div>\n\t\t\t\t\t<\/div>\n\t\t<\/div>\n\t\t\t\t\t\t\t<\/div>\n\t\t<\/section>\n\t\t<div class=\"elementor-element elementor-element-5939342e e-flex e-con-boxed e-con e-parent\" data-id=\"5939342e\" data-element_type=\"container\" data-settings=\"{&quot;content_width&quot;:&quot;boxed&quot;}\" data-core-v316-plus=\"true\">\n\t\t\t\t\t<div class=\"e-con-inner\">\n\t\t\t\t<div class=\"elementor-element elementor-element-428533ce elementor-widget elementor-widget-text-editor\" data-id=\"428533ce\" data-element_type=\"widget\" data-widget_type=\"text-editor.default\">\n\t\t\t\t<div class=\"elementor-widget-container\">\n\t\t\t<style>\/*! elementor - v3.17.0 - 25-10-2023 *\/\n.elementor-widget-text-editor.elementor-drop-cap-view-stacked .elementor-drop-cap{background-color:#69727d;color:#fff}.elementor-widget-text-editor.elementor-drop-cap-view-framed .elementor-drop-cap{color:#69727d;border:3px solid;background-color:transparent}.elementor-widget-text-editor:not(.elementor-drop-cap-view-default) .elementor-drop-cap{margin-top:8px}.elementor-widget-text-editor:not(.elementor-drop-cap-view-default) .elementor-drop-cap-letter{width:1em;height:1em}.elementor-widget-text-editor .elementor-drop-cap{float:left;text-align:center;line-height:1;font-size:50px}.elementor-widget-text-editor .elementor-drop-cap-letter{display:inline-block}<\/style>\t\t\t\t<p><span lang=\"HU\"><b>A demokratikus kult\u00fara kompetenci\u00e1i \u00e9s a tan\u00edt\u00e1si-tanul\u00e1si programok<\/b>\u00a0c\u00edm\u0171 k\u00e9pz\u00e9si\u00a0<\/span><span lang=\"HU\">program\u00a0<\/span><b><i><span lang=\"HU\">A demokratikus kult\u00fara n\u00e9pszer\u0171s\u00edt\u00e9se az iskol\u00e1kban<\/span><\/i><\/b><span lang=\"HU\">\u00a0c\u00edm\u0171 projekt keret\u00e9ben sz\u00fcletett a 2017-2019 k\u00f6z\u00f6tti id\u0151szakban (20 iskola) az Eur\u00f3pai Uni\u00f3 \u00e9s az Eur\u00f3pa Tan\u00e1cs k\u00f6z\u00f6s programjak\u00e9nt, amelyet az Oktat\u00e1si Miniszt\u00e9riummal egy\u00fcttm\u0171k\u00f6d\u00e9sben val\u00f3s\u00edtottak meg, \u00e9s amely a folytat\u00e1sban a Min\u0151s\u00e9gi oktat\u00e1st mindenkinek c\u00edm\u0171 projektt\u00e9 n\u0151tte ki mag\u00e1t a 2019-2022 k\u00f6z\u00f6tti id\u0151szakban (\u201eHorizontal Facility for Western Balkan and Turkey 2019-2022\u201c- 59 iskola).<\/span><span lang=\"HU\">\u00a0A demokratikus kult\u00fara kompetenci\u00e1inak fejleszt\u00e9s\u00e9re ir\u00e1nyul\u00f3 k\u00e9pz\u00e9s megszervez\u00e9se az Eur\u00f3pa Tan\u00e1cs Demokratikus Kult\u00fara Kompetenci\u00e1inak Referencia Keretrendszere alapj\u00e1n t\u00f6rt\u00e9nik.<\/span><span lang=\"HU\">\u00a0A k\u00e9pz\u00e9s r\u00f6vid\u00edtett v\u00e1ltozat\u00e1t az Oktat\u00e1si Miniszt\u00e9rium az\u00e9rt alkotta meg, hogy az 59 iskol\u00e1n k\u00edv\u00fcl, akik k\u00f6zvetlen r\u00e9szesei \u00e9vek \u00f3ta a projektnek, minden t\u00f6bbi iskola is az orsz\u00e1gban megismerkedhessen a demokratikus kult\u00fara kompetenci\u00e1ival.\u00a0<\/span><span lang=\"HU\">E k\u00f6z\u00e9leti fontoss\u00e1g\u00fa programok list\u00e1j\u00e1n l\u00e9v\u0151 k\u00e9pz\u00e9s eddig csak szerb nyelven volt el\u00e9rhet\u0151, most azonban a magyar nyelven tan\u00edt\u00f3 koll\u00e9g\u00e1knak is alkalmuk ny\u00edlik magyarul elsaj\u00e1t\u00edtani az alapfogalmakat, megismerkedni a keretrendszerrel \u00e9s annak be\u00e9p\u00edt\u00e9s\u00e9vel az iskol\u00e1k mindennapi \u00e9let\u00e9be.<\/span><\/p><p>A k\u00e9pz\u00e9si program anyag\u00e1nak ford\u00edt\u00e1s\u00e1t \u00e9s a magyar nyelv\u0171 akkredit\u00e1lt k\u00e9pz\u00e9sek megtart\u00e1s\u00e1t Szabadk\u00e1n, \u00dajvid\u00e9ken \u00e9s Zent\u00e1n a <strong>Pro Scientia Naturae Alap\u00edtv\u00e1ny<\/strong> val\u00f3s\u00edtotta meg a <strong>Szerb K\u00f6zt\u00e1rsas\u00e1g Oktat\u00e1si Miniszt\u00e9riuma<\/strong> t\u00e1mogat\u00e1s\u00e1val.<\/p>\t\t\t\t\t\t<\/div>\n\t\t\t\t<\/div>\n\t\t\t\t\t<\/div>\n\t\t\t\t<\/div>\n\t\t\t\t\t\t\t<\/div>\n\t\t","protected":false},"excerpt":{"rendered":"<p>A demokratikus kult\u00fara kompetenci\u00e1i \u00e9s a tan\u00edt\u00e1si-tanul\u00e1si programok (2024) A demokratikus kult\u00fara kompetenci\u00e1i \u00e9s a tan\u00edt\u00e1si-tanul\u00e1si programok\u00a0c\u00edm\u0171 k\u00e9pz\u00e9si\u00a0program\u00a0A demokratikus kult\u00fara n\u00e9pszer\u0171s\u00edt\u00e9se az iskol\u00e1kban\u00a0c\u00edm\u0171 projekt keret\u00e9ben sz\u00fcletett a 2017-2019 k\u00f6z\u00f6tti id\u0151szakban (20 iskola) az Eur\u00f3pai Uni\u00f3 \u00e9s az Eur\u00f3pa Tan\u00e1cs k\u00f6z\u00f6s programjak\u00e9nt, amelyet az Oktat\u00e1si Miniszt\u00e9riummal egy\u00fcttm\u0171k\u00f6d\u00e9sben val\u00f3s\u00edtottak meg, \u00e9s amely a folytat\u00e1sban a Min\u0151s\u00e9gi oktat\u00e1st [&hellip;]<\/p>\n","protected":false},"author":4,"featured_media":0,"parent":3535,"menu_order":0,"comment_status":"closed","ping_status":"closed","template":"","meta":{"footnotes":""},"_links":{"self":[{"href":"https:\/\/proscnat.org\/proscnat\/wp-json\/wp\/v2\/pages\/4765"}],"collection":[{"href":"https:\/\/proscnat.org\/proscnat\/wp-json\/wp\/v2\/pages"}],"about":[{"href":"https:\/\/proscnat.org\/proscnat\/wp-json\/wp\/v2\/types\/page"}],"author":[{"embeddable":true,"href":"https:\/\/proscnat.org\/proscnat\/wp-json\/wp\/v2\/users\/4"}],"replies":[{"embeddable":true,"href":"https:\/\/proscnat.org\/proscnat\/wp-json\/wp\/v2\/comments?post=4765"}],"version-history":[{"count":7,"href":"https:\/\/proscnat.org\/proscnat\/wp-json\/wp\/v2\/pages\/4765\/revisions"}],"predecessor-version":[{"id":5009,"href":"https:\/\/proscnat.org\/proscnat\/wp-json\/wp\/v2\/pages\/4765\/revisions\/5009"}],"up":[{"embeddable":true,"href":"https:\/\/proscnat.org\/proscnat\/wp-json\/wp\/v2\/pages\/3535"}],"wp:attachment":[{"href":"https:\/\/proscnat.org\/proscnat\/wp-json\/wp\/v2\/media?parent=4765"}],"curies":[{"name":"wp","href":"https:\/\/api.w.org\/{rel}","templated":true}]}}